{"id":71,"date":"2015-02-24T15:01:23","date_gmt":"2015-02-24T15:01:23","guid":{"rendered":"http:\/\/sites.unicentro.br\/wp\/9fortec\/?page_id=71"},"modified":"2015-04-29T18:23:17","modified_gmt":"2015-04-29T18:23:17","slug":"telefones-uteis","status":"publish","type":"page","link":"https:\/\/sites.unicentro.br\/wp\/9fortec\/informacoes-uteis\/telefones-uteis\/","title":{"rendered":"Transporte e Telefones \u00dateis"},"content":{"rendered":"<p><strong>Emerg\u00eancias :<\/strong><\/p>\n<p style=\"padding-left: 30px\">&#8211; SIATE(ambul\u00e2ncia\/bombeiros):<strong>193<\/strong><br \/>\n&#8211;\u00a0SAMU:\u00a0<strong>192<\/strong><br \/>\n&#8211; SANEPAR (\u00e1gua\/esgoto):\u00a0<strong>115\u00a0<\/strong><br \/>\n&#8211; COPEL(energia el\u00e9trica):\u00a0<strong>0800 5100116<\/strong><br \/>\n&#8211;\u00a0DER (Departamento de Estrada Rodagens):\u00a0<strong>3304-8000<\/strong><br \/>\n&#8211;\u00a0DETRAN\u00a0:<strong> 3361-1212\u00a0\/\u00a00800 6437373<\/strong><br \/>\n&#8211;\u00a0DIRETRAN\/URBS:\u00a0<strong>156<\/strong><br \/>\n&#8211; Defesa Civil:\u00a0<strong>199<\/strong><br \/>\n&#8211; Guarda Municipal:\u00a0<strong>153<\/strong><br \/>\n&#8211;\u00a0Juizado de Menores:\u00a0<strong>3222-7561\u00a0<\/strong><br \/>\n&#8211; Pol\u00edcia Civil:\u00a0<strong>197<\/strong><br \/>\n&#8211;\u00a0Pol\u00edcia Federal:\u00a0<strong>3251-7500<\/strong><br \/>\n&#8211; Imigra\u00e7\u00e3o\/passaporte:\u00a0<strong>3251-7521<\/strong><br \/>\n&#8211; Pol\u00edcia Militar:<strong>\u00a0190\u00a0<\/strong><br \/>\n&#8211; Pol\u00edcia Rodovi\u00e1ria Estadual:\u00a0<strong>198\u00a0\u00a0<\/strong><br \/>\n&#8211; Pol\u00edcia Rodovi\u00e1ria Federal:\u00a0<strong>191<\/strong><br \/>\n&#8211; Delegacia Pol\u00edcia Rodovi\u00e1ria Federal:\u00a0<strong>3361-8500<\/strong><br \/>\n&#8211; Remo\u00e7\u00f5es 24h &#8211; UTI M\u00f3vel\/A\u00e9rea\/(drogas\/psiqui\u00e1tricos):\u00a0<strong>3257-3336<\/strong><br \/>\n&#8211; Salvaero &#8211; Busca e Salvamento de Aeronaves e embarca\u00e7\u00f5es:\u00a0<strong>3256-8008<\/strong><br \/>\n&#8211; SICRIDE &#8211; Crian\u00e7as Desaparecidas:\u00a0<strong>3224-6822<\/strong><br \/>\n&#8211; SOS Crian\u00e7a:\u00a0<strong>156<\/strong><br \/>\n&#8211; IML:<strong>\u00a03322-0909<\/strong><br \/>\n&#8211; Vacina\u00e7\u00e3o para viagens no aeroporto:\u00a0<strong>3381-1281\u00a0\/\u00a03381-1515<\/strong> (postos de sa\u00fade da rede municipal &#8211; viagens nacionais)<\/p>\n<p><strong>Companhias Telef\u00f4nicas :<\/strong><\/p>\n<p style=\"padding-left: 30px\">&#8211; Informa\u00e7\u00f5es nacionais e internacionais:\u00a0<strong>0800 7032100<\/strong><br \/>\n&#8211; Chamada internacional via telefonista:<strong>\u00a00800 7032111<\/strong><br \/>\n&#8211; Brasil Telecom:\u00a0<strong>10314 \/ 0800 411414 \/ 0800 415090<\/strong><br \/>\n&#8211;\u00a0Embratel :\u00a0<strong>10321<\/strong><br \/>\n&#8211; GVT :\u00a0<strong>0800 0520102 \/ 10325<\/strong><br \/>\n&#8211;\u00a0Telefonia celular Brasil Telecom\u00a0\u00a0: <strong>1053<\/strong><br \/>\n&#8211; Telefonia celular Tim:\u00a0<strong>0800 7414141<\/strong><br \/>\n&#8211; Telefonia celular Vivo:\u00a0<strong>1058<\/strong><br \/>\n&#8211; Interurbano nacional via telefonista:\u00a0<strong>101<\/strong><br \/>\n&#8211; Aux\u00edlio \u00e0 lista local:\u00a0<strong>102<\/strong><br \/>\n&#8211; Interurbano via operador a cobrar:\u00a0<strong>107<\/strong><br \/>\n&#8211; Aux\u00edlio \u00e0 lista para outras localidades\u00a0(0 + OPERADORA + DDD da localidade +102)<br \/>\n&#8211; Hora certa:\u00a0<strong>130<\/strong><br \/>\n&#8211; Despertador autom\u00e1tico:\u00a0<strong>134<\/strong><\/p>\n<p><strong>Servi\u00e7os :<\/strong><\/p>\n<p style=\"padding-left: 30px\">&#8211; Aeroclube Bacacheri:\u00a0<strong>3256-3003<\/strong><br \/>\n&#8211;\u00a0Aeroporto Bacacheri:<strong>\u00a03256-1441<\/strong><br \/>\n&#8211; Aeroporto Internacional Afonso Pena:\u00a0<strong>3381-1515<\/strong><br \/>\n&#8211; Alf\u00e2ndega Aeroporto &#8211; S\u00e3o Jos\u00e9 dos Pinhais:\u00a0<strong>3381-1276<\/strong><br \/>\n&#8211; Departamento de Tr\u00e2nsito \/ DETRAN:\u00a0<strong>3361-1212<\/strong><br \/>\n&#8211;\u00a0Disque Cinema:\u00a0<strong>3315-1414\u00a0<\/strong><br \/>\n&#8211; Disque Turismo Municipal: <strong>156<\/strong> (Curitiba) ou<strong> 3350-6456<\/strong> (demais cidades)<br \/>\n&#8211; Disque Turismo Estadual:\u00a0<strong>3254-1516<\/strong><br \/>\n&#8211;\u00a0ECT (Empresa Correios Tel\u00e9grafos):\u00a0<strong>0800 5700100<\/strong><br \/>\n&#8211; PREFEITURA MUNICIPAL (servi\u00e7os):\u00a0<strong>156<\/strong><\/p>\n<p style=\"padding-left: 60px\">Administra\u00e7\u00e3o:\u00a0<strong>3350-8484<\/strong><br \/>\nEsporte e Lazer:<strong>\u00a03350-3707<\/strong><br \/>\nFunda\u00e7\u00e3o Cultural &#8211; FCC:\u00a0<strong>3213-7500<\/strong><br \/>\nFunda\u00e7\u00e3o de A\u00e7\u00e3o Social &#8211; FAS:<strong>\u00a03350-3500<\/strong><br \/>\nCuritiba Turismo:<strong>\u00a03250-7721<\/strong>\u00a0\/\u00a0Fax:\u00a0<strong>3250-7724<\/strong><\/p>\n<p style=\"padding-left: 30px\">&#8211; Rodoferrovi\u00e1ria:\u00a0<strong>3320-3000<\/strong><br \/>\n&#8211;\u00a0Serra Verde Express (trem passageiros):<strong>\u00a03888-3488<\/strong><br \/>\n&#8211; PROCON:\u00a0<strong>0800 411512<\/strong><\/p>\n<p><strong>Transporte :<\/strong><\/p>\n<p style=\"padding-left: 30px\">&#8211;\u00a0Aeroclube Bacacheri:\u00a0<strong>3256-3003<\/strong><br \/>\n&#8211;\u00a0Aeroporto Bacacheri:\u00a0<strong>3256-1441<\/strong><br \/>\n&#8211;\u00a0Aeroporto Internacional Afonso Pena:\u00a0 <strong>3381-1515<\/strong><br \/>\n&#8211;\u00a0ALL\u00a0 Am\u00e9rica Latina Log\u00edstica (trem carga):<strong>\u00a02141-7555<\/strong><br \/>\n&#8211;\u00a0DER (Departamento de Estradas e Rodagens):<strong>\u00a03304-8000<\/strong><br \/>\n&#8211;\u00a0\u00d4nibus (itiner\u00e1rios\/sugest\u00f5es\/reclama\u00e7\u00f5es):\u00a0<strong>156<\/strong>\u00a0\/\u00a0<strong>3320-3000<\/strong><br \/>\n&#8211;\u00a0Operadoras Ped\u00e1gio:<\/p>\n<p style=\"padding-left: 60px\">CAMINHOS DO PARAN\u00c1:\u00a0<strong>0800 421010<\/strong><br \/>\nECONORTE:<strong>\u00a00800 4001551<\/strong><br \/>\nECOVIA :\u00a0<strong>0800 410277<\/strong><br \/>\nRODONORTE :<strong>\u00a00800 421500<\/strong><br \/>\nRODOVIA DAS CATARATAS :\u00a0<strong>0800 450277<\/strong><br \/>\nVIAPAR :<strong>\u00a00800 6016001<\/strong><\/p>\n<p style=\"padding-left: 30px\">&#8211;\u00a0Rodoferrovi\u00e1ria :\u00a0<strong>3320-3000<\/strong><br \/>\n&#8211;\u00a0Serra Verde Express (trem passageiros) :\u00a0<strong>3888-3488<\/strong><\/p>\n<p><strong>T\u00e1xi especial \/ Executivo<\/strong><\/p>\n<p style=\"padding-left: 30px\">&#8211;\u00a0Faixa vermelha :\u00a0<strong>3262-6262\u00a0<\/strong>\/<strong>\u00a00800 414141<\/strong><br \/>\n&#8211;\u00a0Especiais I ( portadores necessidades especiais):<br \/>\n&#8211; Telet\u00e1xi :\u00a0<strong>3224-2424<\/strong>\u00a0\/\u00a0<strong>0800 414414<\/strong>\u00a0\/\u00a0<strong>9997-8686<\/strong><\/p>\n<p><strong>T\u00e1xi Centrais :<\/strong><\/p>\n<p style=\"padding-left: 30px\">&#8211;\u00a0Capital :\u00a0<strong>3022-2222<\/strong>\u00a0\/\u00a0<strong>0800 6006666<\/strong><br \/>\n&#8211;\u00a0Curitiba :\u00a0<strong>3376-7676<\/strong>\u00a0\/\u00a0<strong>0800 7017676<\/strong><br \/>\n&#8211;\u00a0Faixa Vermelha :\u00a0<strong>3262-6262<\/strong>\u00a0\/\u00a0<strong>0800 414141<\/strong><br \/>\n&#8211;\u00a0Paran\u00e1 :<strong>\u00a03275-7575\u00a0<\/strong>\/\u00a0<strong>0800 414747<\/strong>\u00a0\/\u00a0<strong>0800 6037575<\/strong><br \/>\n&#8211;\u00a0Sereia :\u00a0<strong>3346-4646<\/strong>\u00a0\/\u00a0<strong>0800 415252<\/strong><br \/>\n&#8211;\u00a0Taxitel:\u00a0<strong>3353-5353<\/strong>\u00a0\/<strong>\u00a00800 6006262<\/strong><br \/>\n&#8211;\u00a0Telet\u00e1xi :<strong>\u00a03224-2424<\/strong>\u00a0\/\u00a0<strong>0800 414414<\/strong><\/p>\n<p style=\"padding-left: 30px\">\n<hr \/>\n<p>&nbsp;<\/p>\n<p style=\"padding-left: 30px\"><a href=\"http:\/\/sites.unicentro.br\/wp\/9fortec\/files\/2015\/02\/ArteRodap\u00e9.png\"><img loading=\"lazy\" decoding=\"async\" class=\"aligncenter wp-image-333 size-full\" src=\"http:\/\/sites.unicentro.br\/wp\/9fortec\/files\/2015\/02\/ArteRodap\u00e9.png\" alt=\"ArteRodap\u00e9\" width=\"3782\" height=\"1184\" srcset=\"https:\/\/sites.unicentro.br\/wp\/9fortec\/files\/2015\/02\/ArteRodap\u00e9.png 3782w, https:\/\/sites.unicentro.br\/wp\/9fortec\/files\/2015\/02\/ArteRodap\u00e9-300x94.png 300w, https:\/\/sites.unicentro.br\/wp\/9fortec\/files\/2015\/02\/ArteRodap\u00e9-1024x321.png 1024w\" sizes=\"auto, (max-width: 3782px) 100vw, 3782px\" \/><\/a><\/p>\n<!-- AddThis Advanced Settings generic via filter on the_content --><!-- AddThis Share Buttons generic via filter on the_content -->","protected":false},"excerpt":{"rendered":"<p>Emerg\u00eancias : &#8211; SIATE(ambul\u00e2ncia\/bombeiros):193 &#8211;\u00a0SAMU:\u00a0192 &#8211; SANEPAR (\u00e1gua\/esgoto):\u00a0115\u00a0 &#8211; COPEL(energia el\u00e9trica):\u00a00800 5100116 &#8211;\u00a0DER (Departamento de Estrada Rodagens):\u00a03304-8000 &#8211;\u00a0DETRAN\u00a0: 3361-1212\u00a0\/\u00a00800 6437373 &#8211;\u00a0DIRETRAN\/URBS:\u00a0156 &#8211; Defesa Civil:\u00a0199 &#8211; Guarda Municipal:\u00a0153 &#8211;\u00a0Juizado de Menores:\u00a03222-7561\u00a0 &#8211; Pol\u00edcia Civil:\u00a0197 &#8211;\u00a0Pol\u00edcia Federal:\u00a03251-7500 &#8211; Imigra\u00e7\u00e3o\/passaporte:\u00a03251-7521 &#8211; Pol\u00edcia Militar:\u00a0190\u00a0 &hellip; <a href=\"https:\/\/sites.unicentro.br\/wp\/9fortec\/informacoes-uteis\/telefones-uteis\/\">Continue lendo <span class=\"meta-nav\">&rarr;<\/span><\/a><!-- AddThis Advanced Settings generic via filter on wp_trim_excerpt --><!-- AddThis Share Buttons generic via filter on wp_trim_excerpt --><\/p>\n","protected":false},"author":121,"featured_media":0,"parent":42,"menu_order":0,"comment_status":"closed","ping_status":"open","template":"onecolumn-page.php","meta":{"_exactmetrics_skip_tracking":false,"_exactmetrics_sitenote_active":false,"_exactmetrics_sitenote_note":"","_exactmetrics_sitenote_category":0,"ngg_post_thumbnail":0,"footnotes":""},"class_list":["post-71","page","type-page","status-publish","hentry"],"_links":{"self":[{"href":"https:\/\/sites.unicentro.br\/wp\/9fortec\/wp-json\/wp\/v2\/pages\/71","targetHints":{"allow":["GET"]}}],"collection":[{"href":"https:\/\/sites.unicentro.br\/wp\/9fortec\/wp-json\/wp\/v2\/pages"}],"about":[{"href":"https:\/\/sites.unicentro.br\/wp\/9fortec\/wp-json\/wp\/v2\/types\/page"}],"author":[{"embeddable":true,"href":"https:\/\/sites.unicentro.br\/wp\/9fortec\/wp-json\/wp\/v2\/users\/121"}],"replies":[{"embeddable":true,"href":"https:\/\/sites.unicentro.br\/wp\/9fortec\/wp-json\/wp\/v2\/comments?post=71"}],"version-history":[{"count":11,"href":"https:\/\/sites.unicentro.br\/wp\/9fortec\/wp-json\/wp\/v2\/pages\/71\/revisions"}],"predecessor-version":[{"id":342,"href":"https:\/\/sites.unicentro.br\/wp\/9fortec\/wp-json\/wp\/v2\/pages\/71\/revisions\/342"}],"up":[{"embeddable":true,"href":"https:\/\/sites.unicentro.br\/wp\/9fortec\/wp-json\/wp\/v2\/pages\/42"}],"wp:attachment":[{"href":"https:\/\/sites.unicentro.br\/wp\/9fortec\/wp-json\/wp\/v2\/media?parent=71"}],"curies":[{"name":"wp","href":"https:\/\/api.w.org\/{rel}","templated":true}]}}